{"id":11683,"date":"2024-06-17T12:23:23","date_gmt":"2024-06-17T09:23:24","guid":{"rendered":"https:\/\/www.piiroinen.com\/?post_type=product&#038;p=11683"},"modified":"2024-07-02T09:01:01","modified_gmt":"2024-07-02T06:01:01","slug":"tm13-lk-tuoli","status":"publish","type":"product","link":"https:\/\/www.piiroinen.com\/fi\/tuote\/tm13-lk-tuoli\/","title":{"rendered":"TM13 LK tuoli"},"content":{"rendered":"<p>[vc_row full_width=&#8221;stretch_row&#8221; gap=&#8221;35&#8243; content_placement=&#8221;top&#8221; disable_element=&#8221;yes&#8221;][vc_column width=&#8221;1\/3&#8243;][vc_single_image image=&#8221;3982&#8243; img_size=&#8221;full&#8221;][\/vc_column][vc_column width=&#8221;1\/3&#8243;][vc_single_image image=&#8221;3982&#8243; img_size=&#8221;full&#8221;][\/vc_column][vc_column width=&#8221;1\/3&#8243;][vc_single_image image=&#8221;3982&#8243; img_size=&#8221;full&#8221;][\/vc_column][\/vc_row][vc_row full_width=&#8221;stretch_row&#8221; gap=&#8221;35&#8243; content_placement=&#8221;top&#8221;][vc_column width=&#8221;1\/3&#8243;][vc_column_text]<\/p>\n<h4>Erityist\u00e4<\/h4>\n<p>Istuimen ja selk\u00e4nojan kiinnitysvaihtoehtoja ovat n\u00e4kyv\u00e4t kiinnitysruuvit (kuvassa) tai inserttikiinnitys, jolloin kiinnitysruuvit ovat piilossa. Kovaan jatkuvaan k\u00e4ytt\u00f6\u00f6n suosittelemme istuimen ja selk\u00e4nojan kiinnityst\u00e4 n\u00e4kyvin kiinnitysruuvein.[\/vc_column_text][vc_column_text]<\/p>\n<h4>Lis\u00e4varusteet<\/h4>\n<ul>\n<li>Riviliit\u00e4nt\u00e4<\/li>\n<li>Tuolivaunu<\/li>\n<\/ul>\n<p>&nbsp;[\/vc_column_text][vc_column_text]<div class=\"templatera_shortcode\"><div data-vc-full-width=\"true\" data-vc-full-width-init=\"false\" class=\"vc_row wpb_row vc_row-fluid vc_custom_1670403431805\"><div class=\"wpb_column vc_column_container vc_col-sm-12\"><div class=\"vc_column-inner\"><div class=\"wpb_wrapper\">\n\t<div class=\"wpb_text_column wpb_content_element \" >\n\t\t<div class=\"wpb_wrapper\">\n\t\t\t<h4>Projektimallisto<\/h4>\n<p>Etsitk\u00f6 jotain muuta? Projektimallistomme sis\u00e4lt\u00e4\u00e4 laajemman lis\u00e4varuste-, materiaali- ja tuotevalikoiman. Projektimallistossamme my\u00f6s vakiomallistoon kuuluvat tuotteet ovat r\u00e4\u00e4t\u00e4l\u00f6it\u00e4viss\u00e4.<\/p>\n\n\t\t<\/div>\n\t<\/div>\n<\/div><\/div><\/div><\/div><div class=\"vc_row-full-width vc_clearfix\"><\/div><\/div>[\/vc_column_text]<style type=\"text\/css\" data-type=\"the7_shortcodes-inline-css\">#default-btn-ba9ad89eabf561e58d9173a5a4dcabf9 {\n  border-radius: 0px;\n  font-size: 16px;\n  line-height: 18px;\n}\n.btn-shadow#default-btn-ba9ad89eabf561e58d9173a5a4dcabf9 {\n  box-shadow: 0 1px 6px rgba(0,0,0,0.12);\n  transition: box-shadow 0.2s ease-out, opacity 0.45s;\n}\n.btn-shadow#default-btn-ba9ad89eabf561e58d9173a5a4dcabf9:hover {\n  box-shadow: 0 5px 11px 0 rgba(0,0,0,0.18), 0 4px 15px 0 rgba(0,0,0,0.15);\n}\n.btn-3d#default-btn-ba9ad89eabf561e58d9173a5a4dcabf9:hover {\n  box-shadow: 0px 2px 0px 0px #0b225f;\n}\n.btn-flat#default-btn-ba9ad89eabf561e58d9173a5a4dcabf9 {\n  box-shadow: none;\n}\n.btn-flat#default-btn-ba9ad89eabf561e58d9173a5a4dcabf9:hover {\n  box-shadow: none;\n}\n#default-btn-ba9ad89eabf561e58d9173a5a4dcabf9.ico-right-side > i {\n  margin-right: 0px;\n  margin-left: 8px;\n}\n#default-btn-ba9ad89eabf561e58d9173a5a4dcabf9 > i {\n  margin-right: 8px;\n  font-size: 16px;\n}\n#default-btn-ba9ad89eabf561e58d9173a5a4dcabf9:not(:hover) {\n  border-width: 2px;\n  border-color: #002fa7 !important;\n  color: #002fa7;\n  background: none !important;\n  padding: 16px 22px 16px 22px;\n}\n#default-btn-ba9ad89eabf561e58d9173a5a4dcabf9:not(:hover) * {\n  color: #002fa7;\n}\n#default-btn-ba9ad89eabf561e58d9173a5a4dcabf9:hover {\n  border-width: 2px;\n  border-color: #002fa7 !important;\n  color: #fefefe;\n  background: #002fa7 !important;\n  padding: 16px 22px 16px 22px;\n}\n#default-btn-ba9ad89eabf561e58d9173a5a4dcabf9:hover * {\n  color: #fefefe;\n}\n#default-btn-ba9ad89eabf561e58d9173a5a4dcabf9.ico-right-side > i {\n  margin-right: 0px;\n  margin-left: 8px;\n}\n#default-btn-ba9ad89eabf561e58d9173a5a4dcabf9 > i {\n  margin-right: 8px;\n}\n<\/style><a href=\"https:\/\/www.piiroinen.com\/fi\/designkalusteet\/mallistot\/\" class=\"default-btn-shortcode dt-btn link-hover-off btn-inline-left btn-flat \" id=\"default-btn-ba9ad89eabf561e58d9173a5a4dcabf9\" title=\"Mallistot\"><i class=\"icomoon-the7-font-the7-arrow-33\"><\/i><span>Projektimallisto<\/span><\/a>[\/vc_column][vc_column width=&#8221;1\/3&#8243;][vc_column_text]<\/p>\n<h4>Vastuullisuus<\/h4>\n<p>Toimintamme on sertifioitu kansainv\u00e4listen laatu, ymp\u00e4rist\u00f6 sek\u00e4 ty\u00f6terveys ja -turvallisuus standardien mukaisesti.\u00a0<a href=\"https:\/\/www.piiroinen.com\/fi\/piiroisen-laatu-ymparisto-ja-tyoterveys-ja-turvallisuus-johtamisjarjestelmat-on-sertifioitu\/\">Lue lis\u00e4\u00e4 \u00bb<\/a><\/p>\n<p>TM-malliston tuotteet on suunniteltu ja valmistettu Suomessa.<\/p>\n<p>&nbsp;[\/vc_column_text][vc_row_inner css=&#8221;.vc_custom_1664433226965{margin-top: -1em !important;}&#8221;][vc_column_inner width=&#8221;1\/3&#8243;][vc_single_image image=&#8221;6752&#8243;][\/vc_column_inner][vc_column_inner width=&#8221;1\/3&#8243;][vc_single_image image=&#8221;6754&#8243;][\/vc_column_inner][vc_column_inner width=&#8221;1\/3&#8243;][\/vc_column_inner][\/vc_row_inner][\/vc_column][vc_column width=&#8221;1\/3&#8243; css=&#8221;.vc_custom_1664353679112{padding-top: 10% !important;padding-right: 12% !important;padding-bottom: 12% !important;padding-left: 12% !important;background-color: #dce9f5 !important;}&#8221; el_class=&#8221;sininen-teksti&#8221;][vc_column_text]<\/p>\n<h4>Mitat<\/h4>\n<p>Leveys: 552 mm<br \/>\nKorkeus: 750 mm<br \/>\nIstuinkorkeus: 450 mm<br \/>\nSyvyys: 530 mm[\/vc_column_text][\/vc_column][\/vc_row][vc_row][vc_column][\/vc_column][\/vc_row]<\/p>\n","protected":false},"excerpt":{"rendered":"<p class=\"sininen-teksti\"><strong>Design<\/strong> Piiroinen<\/p>\n<p class=\"inkku\">Lenkkijalkainen TM13 LK on k\u00e4sinojallinen versio <a href=\"https:\/\/www.piiroinen.com\/fi\/tuote\/tm13-l-tuoli\/\">TM13 L<\/a> -tuolista.<\/p>\n<p>Se sopii erityisesti juhlasaleihin sek\u00e4 permantotuoleiksi tapahtuma-areenoille erinomaisen pinoutuvuutensa sek\u00e4 helpon ja nopeak\u00e4ytt\u00f6isen rivikytkent\u00e4ns\u00e4 ansiosta.<br \/>\nTuolit ovat rivikytkett\u00e4viss\u00e4 toisiinsa k\u00e4sinojistaan, mutta tuolit voidaan toteuttaa my\u00f6s ilman rivikytkent\u00e4ominaisuutta. Tuoli pinoutuu tehokkaasti ja on siten helposti varastoitavissa suurissakin m\u00e4\u00e4riss\u00e4. TM13LK-tuolille on oma tuolivaununsa.<\/p>\n","protected":false},"featured_media":11687,"template":"","meta":[],"product_cat":[82,75,76,79,78,217,222,165,169],"product_tag":[],"class_list":["post-11683","product","type-product","status-publish","has-post-thumbnail","hentry","product_cat-aulat","product_cat-designkalusteet","product_cat-istuimet","product_cat-juhlasalit","product_cat-oppimisymparistot","product_cat-tm-mallisto","product_cat-tuolit","product_cat-vakio-tm","product_cat-vakioverhoilu","description-off"],"yoast_head":"<!-- This site is optimized with the Yoast SEO plugin v21.4 - https:\/\/yoast.com\/wordpress\/plugins\/seo\/ -->\n<title>TM13 LK tuoli - Piiroinen<\/title>\n<meta name=\"robots\" content=\"index, follow, max-snippet:-1, max-image-preview:large, max-video-preview:-1\" \/>\n<link rel=\"canonical\" href=\"https:\/\/www.piiroinen.com\/tuote\/tm13-lk-chair\/\" \/>\n<meta property=\"og:locale\" content=\"fi_FI\" \/>\n<meta property=\"og:type\" content=\"article\" \/>\n<meta property=\"og:title\" content=\"TM13 LK tuoli - Piiroinen\" \/>\n<meta property=\"og:description\" content=\"Design Piiroinen Lenkkijalkainen TM13 LK on k\u00e4sinojallinen versio TM13 L -tuolista. Se sopii erityisesti juhlasaleihin sek\u00e4 permantotuoleiksi tapahtuma-areenoille erinomaisen pinoutuvuutensa sek\u00e4 helpon ja nopeak\u00e4ytt\u00f6isen rivikytkent\u00e4ns\u00e4 ansiosta. Tuolit ovat rivikytkett\u00e4viss\u00e4 toisiinsa k\u00e4sinojistaan, mutta tuolit voidaan toteuttaa my\u00f6s ilman rivikytkent\u00e4ominaisuutta. Tuoli pinoutuu tehokkaasti ja on siten helposti varastoitavissa suurissakin m\u00e4\u00e4riss\u00e4. TM13LK-tuolille on oma tuolivaununsa.\" \/>\n<meta property=\"og:url\" content=\"https:\/\/www.piiroinen.com\/tuote\/tm13-lk-chair\/\" \/>\n<meta property=\"og:site_name\" content=\"Piiroinen\" \/>\n<meta property=\"article:modified_time\" content=\"2024-07-02T06:01:01+00:00\" \/>\n<meta property=\"og:image\" content=\"https:\/\/www.piiroinen.com\/wp-content\/uploads\/Piiroinen-TM-13-LK-sivulta-scaled.jpg\" \/>\n\t<meta property=\"og:image:width\" content=\"2048\" \/>\n\t<meta property=\"og:image:height\" content=\"2560\" \/>\n\t<meta property=\"og:image:type\" content=\"image\/jpeg\" \/>\n<meta name=\"twitter:card\" content=\"summary_large_image\" \/>\n<meta name=\"twitter:label1\" content=\"Arvioitu lukuaika\" \/>\n\t<meta name=\"twitter:data1\" content=\"2 minuuttia\" \/>\n<script type=\"application\/ld+json\" class=\"yoast-schema-graph\">{\"@context\":\"https:\/\/schema.org\",\"@graph\":[{\"@type\":\"WebPage\",\"@id\":\"https:\/\/www.piiroinen.com\/tuote\/tm13-lk-chair\/\",\"url\":\"https:\/\/www.piiroinen.com\/tuote\/tm13-lk-chair\/\",\"name\":\"TM13 LK tuoli - Piiroinen\",\"isPartOf\":{\"@id\":\"https:\/\/www.piiroinen.com\/#website\"},\"datePublished\":\"2024-06-17T09:23:24+00:00\",\"dateModified\":\"2024-07-02T06:01:01+00:00\",\"breadcrumb\":{\"@id\":\"https:\/\/www.piiroinen.com\/tuote\/tm13-lk-chair\/#breadcrumb\"},\"inLanguage\":\"fi\",\"potentialAction\":[{\"@type\":\"ReadAction\",\"target\":[\"https:\/\/www.piiroinen.com\/tuote\/tm13-lk-chair\/\"]}]},{\"@type\":\"BreadcrumbList\",\"@id\":\"https:\/\/www.piiroinen.com\/tuote\/tm13-lk-chair\/#breadcrumb\",\"itemListElement\":[{\"@type\":\"ListItem\",\"position\":1,\"name\":\"Home\",\"item\":\"https:\/\/www.piiroinen.com\/\"},{\"@type\":\"ListItem\",\"position\":2,\"name\":\"Shop\",\"item\":\"https:\/\/www.piiroinen.com\/fi\/shop-2\/\"},{\"@type\":\"ListItem\",\"position\":3,\"name\":\"TM13 LK tuoli\"}]},{\"@type\":\"WebSite\",\"@id\":\"https:\/\/www.piiroinen.com\/#website\",\"url\":\"https:\/\/www.piiroinen.com\/\",\"name\":\"Piiroinen\",\"description\":\"Sustainable and well-functioning furniture, venues, components and repair service\",\"potentialAction\":[{\"@type\":\"SearchAction\",\"target\":{\"@type\":\"EntryPoint\",\"urlTemplate\":\"https:\/\/www.piiroinen.com\/?s={search_term_string}\"},\"query-input\":\"required name=search_term_string\"}],\"inLanguage\":\"fi\"}]}<\/script>\n<!-- \/ Yoast SEO plugin. -->","yoast_head_json":{"title":"TM13 LK tuoli - Piiroinen","robots":{"index":"index","follow":"follow","max-snippet":"max-snippet:-1","max-image-preview":"max-image-preview:large","max-video-preview":"max-video-preview:-1"},"canonical":"https:\/\/www.piiroinen.com\/tuote\/tm13-lk-chair\/","og_locale":"fi_FI","og_type":"article","og_title":"TM13 LK tuoli - Piiroinen","og_description":"Design Piiroinen Lenkkijalkainen TM13 LK on k\u00e4sinojallinen versio TM13 L -tuolista. Se sopii erityisesti juhlasaleihin sek\u00e4 permantotuoleiksi tapahtuma-areenoille erinomaisen pinoutuvuutensa sek\u00e4 helpon ja nopeak\u00e4ytt\u00f6isen rivikytkent\u00e4ns\u00e4 ansiosta. Tuolit ovat rivikytkett\u00e4viss\u00e4 toisiinsa k\u00e4sinojistaan, mutta tuolit voidaan toteuttaa my\u00f6s ilman rivikytkent\u00e4ominaisuutta. Tuoli pinoutuu tehokkaasti ja on siten helposti varastoitavissa suurissakin m\u00e4\u00e4riss\u00e4. TM13LK-tuolille on oma tuolivaununsa.","og_url":"https:\/\/www.piiroinen.com\/tuote\/tm13-lk-chair\/","og_site_name":"Piiroinen","article_modified_time":"2024-07-02T06:01:01+00:00","og_image":[{"width":2048,"height":2560,"url":"https:\/\/www.piiroinen.com\/wp-content\/uploads\/Piiroinen-TM-13-LK-sivulta-scaled.jpg","type":"image\/jpeg"}],"twitter_card":"summary_large_image","twitter_misc":{"Arvioitu lukuaika":"2 minuuttia"},"schema":{"@context":"https:\/\/schema.org","@graph":[{"@type":"WebPage","@id":"https:\/\/www.piiroinen.com\/tuote\/tm13-lk-chair\/","url":"https:\/\/www.piiroinen.com\/tuote\/tm13-lk-chair\/","name":"TM13 LK tuoli - Piiroinen","isPartOf":{"@id":"https:\/\/www.piiroinen.com\/#website"},"datePublished":"2024-06-17T09:23:24+00:00","dateModified":"2024-07-02T06:01:01+00:00","breadcrumb":{"@id":"https:\/\/www.piiroinen.com\/tuote\/tm13-lk-chair\/#breadcrumb"},"inLanguage":"fi","potentialAction":[{"@type":"ReadAction","target":["https:\/\/www.piiroinen.com\/tuote\/tm13-lk-chair\/"]}]},{"@type":"BreadcrumbList","@id":"https:\/\/www.piiroinen.com\/tuote\/tm13-lk-chair\/#breadcrumb","itemListElement":[{"@type":"ListItem","position":1,"name":"Home","item":"https:\/\/www.piiroinen.com\/"},{"@type":"ListItem","position":2,"name":"Shop","item":"https:\/\/www.piiroinen.com\/fi\/shop-2\/"},{"@type":"ListItem","position":3,"name":"TM13 LK tuoli"}]},{"@type":"WebSite","@id":"https:\/\/www.piiroinen.com\/#website","url":"https:\/\/www.piiroinen.com\/","name":"Piiroinen","description":"Sustainable and well-functioning furniture, venues, components and repair service","potentialAction":[{"@type":"SearchAction","target":{"@type":"EntryPoint","urlTemplate":"https:\/\/www.piiroinen.com\/?s={search_term_string}"},"query-input":"required name=search_term_string"}],"inLanguage":"fi"}]}},"_links":{"self":[{"href":"https:\/\/www.piiroinen.com\/fi\/wp-json\/wp\/v2\/product\/11683","targetHints":{"allow":["GET"]}}],"collection":[{"href":"https:\/\/www.piiroinen.com\/fi\/wp-json\/wp\/v2\/product"}],"about":[{"href":"https:\/\/www.piiroinen.com\/fi\/wp-json\/wp\/v2\/types\/product"}],"wp:featuredmedia":[{"embeddable":true,"href":"https:\/\/www.piiroinen.com\/fi\/wp-json\/wp\/v2\/media\/11687"}],"wp:attachment":[{"href":"https:\/\/www.piiroinen.com\/fi\/wp-json\/wp\/v2\/media?parent=11683"}],"wp:term":[{"taxonomy":"product_cat","embeddable":true,"href":"https:\/\/www.piiroinen.com\/fi\/wp-json\/wp\/v2\/product_cat?post=11683"},{"taxonomy":"product_tag","embeddable":true,"href":"https:\/\/www.piiroinen.com\/fi\/wp-json\/wp\/v2\/product_tag?post=11683"}],"curies":[{"name":"wp","href":"https:\/\/api.w.org\/{rel}","templated":true}]}}